{"id":1762,"date":"2016-01-01T00:01:50","date_gmt":"2015-12-31T23:01:50","guid":{"rendered":"http:\/\/demo.astoundify.com\/jobify\/?page_id=1762"},"modified":"2024-01-15T18:05:47","modified_gmt":"2024-01-15T17:05:47","slug":"privacy-policy","status":"publish","type":"page","link":"https:\/\/www.job4good.it\/formazione\/privacy-policy\/","title":{"rendered":"Privacy Policy"},"content":{"rendered":"<p><b>INFORMATIVA PRIVACY<\/b><\/p>\n<p><b>job4good.it\/formazione<\/b><\/p>\n<p><span style=\"font-weight: 400;\">Gentile visitatore,\u00a0<\/span><\/p>\n<p><span style=\"font-weight: 400;\">Job4good tratta i dati personali nel rispetto del Regolamento (UE) 2016\/679, di seguito \u201cGDPR\u201d.<\/span><\/p>\n<p><span style=\"font-weight: 400;\">La presente informativa (resa ai sensi dell\u2019artt. 13 del GDPR), \u00e8 riferita esclusivamente ai trattamenti connessi alla promozione di attivit\u00e0 formative (erogate da terzi) tramite la piattaforma <\/span><span style=\"color: #0000ff;\"><a style=\"color: #0000ff;\" href=\"https:\/\/job4good.it\/formazione\/\">job4good.it\/formazione<\/a><\/span><span style=\"font-weight: 400;\">, compresa la creazione di un <\/span><i><span style=\"font-weight: 400;\">account<\/span><\/i><span style=\"font-weight: 400;\"> (funzionalit\u00e0 riservata ai formatori) per la pubblicazione delle proprie offerte formative.<\/span><\/p>\n<p><span style=\"font-weight: 400;\">Per l\u2019informativa generale del sito <\/span><span style=\"color: #0000ff;\"><a style=\"color: #0000ff;\" href=\"http:\/\/www.job4good.it\"><span style=\"font-weight: 400;\">www.job4good.it<\/span><\/a><\/span><span style=\"font-weight: 400;\">, relativa alla navigazione sullo stesso, alla registrazione e ai servizi gratuiti ivi messi a disposizione dell\u2019utenza, nonch\u00e9 alla gestione delle richieste di informazioni e di preventivo per servizi pubblicitari, si rimanda a <\/span><span style=\"color: #0000ff;\"><a style=\"color: #0000ff;\" href=\"https:\/\/www.job4good.it\/privacy-policy\/\"><span style=\"font-weight: 400;\">questo link<\/span><\/a><\/span><span style=\"font-weight: 400;\">. Per informazioni sui cookie, si rimanda invece a <\/span><span style=\"font-weight: 400;\">questo link<\/span><span style=\"font-weight: 400;\">.<\/span><\/p>\n<p><span style=\"font-weight: 400;\">Per l\u2019informativa relativa ai servizi in abbonamento resi su <\/span><span style=\"color: #0000ff;\"><a style=\"color: #0000ff;\" href=\"http:\/\/www.job4good.it\"><span style=\"font-weight: 400;\">www.job4good.it<\/span><\/a><\/span><span style=\"font-weight: 400;\">, <\/span><span style=\"color: #0000ff;\"><a style=\"color: #0000ff;\" href=\"https:\/\/www.job4good.it\/privacy-policy\/abbonamenti-e-piattaforma-hr4good\/\"><span style=\"font-weight: 400;\">questo link<\/span><\/a><\/span><span style=\"font-weight: 400;\">.<\/span><\/p>\n<p><span style=\"font-weight: 400;\">Per l\u2019informativa privacy relativa alla piattaforma 4Good Academy (<\/span><span style=\"color: #0000ff;\"><a style=\"color: #0000ff;\" href=\"http:\/\/www.4goodacademy.it\"><span style=\"font-weight: 400;\">www.4goodacademy.it<\/span><\/a><\/span><span style=\"font-weight: 400;\">), si rimanda a <\/span><span style=\"color: #0000ff;\"><a style=\"color: #0000ff;\" href=\"https:\/\/www.4goodacademy.it\/p\/privacy\"><span style=\"font-weight: 400;\">questo link<\/span><\/a><\/span><span style=\"font-weight: 400;\">.\u00a0<\/span><\/p>\n<p><b>1)\u00a0<\/b><b>TITOLARE\u00a0 DEL TRATTAMENTO<\/b><\/p>\n<p><span style=\"font-weight: 400;\">Il Titolare del trattamento \u00e8 Job4Good Societ\u00e0 Benefit S.R.L.\u00a0 con sede in Via\u00a0 Agostino da Montefeltro n.2, 10134 Torino. Il Titolare \u00e8 contattabile all\u2019indirizzo email\u00a0 <\/span><span style=\"color: #0000ff;\"><a style=\"color: #0000ff;\" href=\"m&#97;&#105;&#x6c;&#x74;o&#58;&#112;&#x72;&#x69;&#x76;a&#99;&#121;&#x40;&#x6a;ob&#52;&#x67;&#x6f;&#x6f;d&#46;&#105;&#x74;\"><span style=\"font-weight: 400;\">&#112;&#x72;i&#118;&#x61;&#99;&#x79;&#64;&#106;&#x6f;b&#x34;&#x67;&#111;&#x6f;d&#46;&#x69;t<\/span><\/a><\/span><span style=\"font-weight: 400;\">.<\/span><\/p>\n<p><b>2)\u00a0 FINALIT\u00c0 E BASI GIURIDICHE DEL TRATTAMENTO<\/b><\/p>\n<p><span style=\"font-weight: 400;\">La piattaforma formazione.job4good.it rappresenta una vetrina online dei corsi di formazione (erogati via web o in presenza) proposti da soggetti terzi, iscritti alla piattaforma stessa e che decidono di pubblicare annunci relativi ai corsi da loro erogati. I trattamenti operati da Job4good riguardano pertanto esclusivamente i soggetti iscritti, propositori di corsi di formazione, e non anche l\u2019utenza di tali corsi, in quanto l\u2019eventuale pagamento e l\u2019erogazione degli stessi \u00e8 gestito direttamente dai formatori, al di fuori della piattaforma formazione.job4good.it.<\/span><\/p>\n<p><span style=\"font-weight: 400;\">A seconda dell\u2019attivit\u00e0 svolta tramite la piattaforma da parte dell\u2019utente-formatore, i dati personali dello stesso vengono trattati per le seguenti finalit\u00e0 e ai sensi delle qui indicate basi giuridiche:<\/span><\/p>\n<p style=\"padding-left: 40px;\"><span style=\"font-weight: 400;\">A. gestire le richieste di informazioni inoltrate dai visitatori a mezzo mail (art. 6, par. 1, lett. b del GDPR &#8211; esecuzione di misure precontrattuali adottate su richiesta dell&#8217;Interessato);<\/span><\/p>\n<p style=\"padding-left: 40px;\"><span style=\"font-weight: 400;\">B. consentire ai formatori di registrarsi gratuitamente al sito mediante la creazione di un <\/span><i><span style=\"font-weight: 400;\">account<\/span><\/i><span style=\"font-weight: 400;\"> personale, che permette di accedere ai servizi erogati dalla piattaforma formazione.job4good.it (art. 6, par. 1, lett. b del GDPR &#8211; esecuzione di misure precontrattuali adottate su richiesta dell&#8217;Interessato);<\/span><\/p>\n<p style=\"padding-left: 40px;\"><span style=\"font-weight: 400;\">C. permettere agli utenti-formatori di pubblicare un annuncio gratuito (modalit\u00e0 &#8220;freemium&#8221;), che rimane pubblicato per un periodo massimo di 14 giorni, oppure di acquistare specifici pacchetti per la pubblicazione di annunci ulteriori (art. 6, par. 1, lett. b del GDPR &#8211; esecuzione di un contratto di cui l&#8217;interessato \u00e8 parte);<\/span><\/p>\n<p style=\"padding-left: 40px;\"><span style=\"font-weight: 400;\">D. gestire gli ordini di acquisto di pacchetti di annunci e attivare le funzionalit\u00e0 collegate all\u2019abbonamento acquistato (art. 6, par. 1, lett. b del GDPR &#8211; esecuzione di un contratto di cui l&#8217;interessato \u00e8 parte);\u00a0<\/span><\/p>\n<p style=\"padding-left: 40px;\"><span style=\"font-weight: 400;\">E. emettere la fattura e gestire la connessa attivit\u00e0 amministrativo-contabile (art. 6, par. 1, lett. b e c del GDPR &#8211; esecuzione di un contratto di cui l&#8217;interessato \u00e8 parte, nonch\u00e9 adempimento di obblighi legali a cui \u00e8 soggetto il Titolare del trattamento);<\/span><\/p>\n<p style=\"padding-left: 40px;\"><span style=\"font-weight: 400;\">F. inoltrare, di tanto in tanto, di comunicazioni promozionali relative a servizi analoghi a quelli gi\u00e0 acquistati dall\u2019utente-formatore, fatta salva la possibilit\u00e0 per quest\u2019ultimo, in qualsiasi momento, di rifiutare tali comunicazioni (art. 6, par. 1, lett. f del GDPR &#8211; legittimo interesse del Titolare del trattamento, tenuto conto dell\u2019art. 130, comma 4 del Codice Privacy).<\/span><\/p>\n<p><b>3) NATURA DEL CONFERIMENTO DEI DATI E LORO ORIGINE<\/b><\/p>\n<p><span style=\"font-weight: 400;\">Ai fini dell\u2019acquisto dei servizi, il conferimento dei dati personali richiesti dai campi contrassegnati da un asterisco (\u201c*\u201d), o altrimenti indicati come tali, \u00e8 necessario al fine di permettere all\u2019utente-formatore, a seconda dei casi, di creare un proprio <\/span><i><span style=\"font-weight: 400;\">account<\/span><\/i><span style=\"font-weight: 400;\">, finalizzare l\u2019acquisto del pacchetto richiesto e\/o pubblicare il proprio annuncio. Tutti gli altri dati sono facoltativi.<\/span><\/p>\n<p><b>4) TEMPI DI CONSERVAZIONE DEI DATI<\/b><\/p>\n<p><span style=\"font-weight: 400;\">In caso di contatto da parte dell\u2019utente a mezzo mail, i dati dello stesso vengono conservati da Job4good per un periodo di tempo massimo di 1 anno, a decorrere dall\u2019ultima comunicazione scambiata con l\u2019Interessato.<\/span><\/p>\n<p><span style=\"font-weight: 400;\">Tutti i dati conferiti dall\u2019utente in fase di registrazione o successivamente alla stessa vengono conservati da Job4good per un periodo di tempo massimo di 10 anni dall\u2019ultimo accesso effettuato dall\u2019utente al proprio account, decorsi i quali l\u2019account viene disattivato ed eliminato. Una volta acquistato l\u2019abbonamento richiesto, i dati personali vengono comunque conservati per 10 anni dal relativo pagamento.<\/span><\/p>\n<p><span style=\"font-weight: 400;\">Con riferimento specifico alla finalit\u00e0 di cui alla lett. <\/span><b>F.<\/b><span style=\"font-weight: 400;\">, il trattamento potr\u00e0 essere operato dal Titolare per un periodo di tempo massimo di 24 mesi, fatta salva l\u2019ipotesi che lo stesso sia collegato ad fatto salvo il diritto dell\u2019Interessato di opporsi in qualunque momento a tale inoltro.<\/span><\/p>\n<p><b>5) SOGGETTI CHE TRATTANO I DATI PERSONALI<\/b><\/p>\n<p><span style=\"font-weight: 400;\">Il Titolare si avvale<\/span><span style=\"font-weight: 400;\"> di propri \u201cResponsabili del trattamento\u201d, ossia di soggetti esterni (societ\u00e0 o professionisti) che, ai sensi dell\u2019art. 28 GDPR, trattano i dati personali per conto\u00a0 del Titolare, esclusivamente sulla base dei compiti loro assegnati dal Titolare. I Responsabili del trattamento di Job4good appartengono alle seguenti categorie di soggetti:<\/span><\/p>\n<ul>\n<li style=\"list-style-type: none;\">\n<ul>\n<li style=\"font-weight: 400;\" aria-level=\"1\"><span style=\"font-weight: 400;\">Societ\u00e0 che si occupano della manutenzione della parte tecnologica del sito;\u00a0<\/span><\/li>\n<li style=\"font-weight: 400;\" aria-level=\"1\"><span style=\"font-weight: 400;\">Societ\u00e0 di servizi IT che erogano, in particolar modo, servizi di posta elettronica e\/o servizi di hosting.<\/span><\/li>\n<\/ul>\n<\/li>\n<\/ul>\n<p><b>6) DESTINATARI E DIFFUSIONE DEI DATI PERSONALI<\/b><\/p>\n<p><span style=\"font-weight: 400;\">Per le finalit\u00e0 di cui alla lett. <\/span><b>E.<\/b><span style=\"font-weight: 400;\">, i dati personali strettamente necessari all\u2019adempimento di quanto prescritto dalla legge vengono trasmessi dal Titolare ai propri commercialisti (i quali si dichiarano Titolari autonomi del trattamento) e all\u2019Agenzia delle Entrate.<\/span><\/p>\n<p><span style=\"font-weight: 400;\">In considerazione delle finalit\u00e0 di cui alla lett. <\/span><b>C.<\/b><span style=\"font-weight: 400;\">, eventuali dati personali contenuti nell\u2019annuncio o nel profilo pubblico dell\u2019utente-formatore vengono diffusi tramite pubblicazione sulla piattaforma formazione.job4good.it e sono dunque accessibili da chiunque navighi sulle relative pagine.<\/span><\/p>\n<p><b>7) TRASFERIMENTO DATI PERSONALI AL DI FUORI DELLO S.E.E.<\/b><span style=\"font-weight: 400;\">\u00a0<\/span><\/p>\n<p><span style=\"font-weight: 400;\">Attraverso il ricorso a societ\u00e0 di servizi IT e di comunicazioni telematiche, opportunamente nominate responsabili del trattamento, potrebbe verificarsi che i dati personali siano collocati o trasmessi in Paesi non appartenenti allo Spazio Economico Europeo (SEE). Qualora ci\u00f2 si verifichi, detto trasferimento avviene solo a condizione che il Paese di destinazione sia stato ritenuto dalla Commissione Europea come idoneo al trasferimento ai sensi dell&#8217;art. 45 del Regolamento 2016\/679 (decisione di adeguatezza) o, in mancanza di tale decisione, qualora ricorra una delle condizioni di cui agli articoli 46 e ss. del Regolamento medesimo (in particolare, clausole contrattuali standard o norme vincolanti d&#8217;impresa).<\/span><\/p>\n<p><b>8) DIRITTI DEGLI INTERESSATI<\/b><\/p>\n<p><span style=\"font-weight: 400;\">Il GDPR riconosce a tutti gli Interessati diversi diritti, che possono esercitare contattando il Titolare del trattamento ai recapiti di cui al punto 1) della presente informativa (si suggerisce di indicare nell\u2019oggetto delle email: \u201cESERCIZIO DIRITTI PRIVACY\u201d).<\/span><\/p>\n<p><span style=\"font-weight: 400;\">Tra i diritti esercitabili, purch\u00e9 ne ricorrano i presupposti di volta in volta previsti dalla normativa (in particolare, artt. 15 e seguenti del GDPR) vi sono:\u00a0<\/span><\/p>\n<p style=\"padding-left: 40px;\"><span style=\"font-weight: 400;\">&#8211; il diritto di conoscere se il Titolare ha\u00a0 in corso trattamenti di dati personali che riguardano il richiedente;<\/span><\/p>\n<p style=\"padding-left: 40px;\"><span style=\"font-weight: 400;\">&#8211; il diritto per il richiedente di avere accesso ai propri dati oggetto del trattamento e a tutte le informazioni a questo relative;\u00a0<\/span><\/p>\n<p style=\"padding-left: 40px;\"><span style=\"font-weight: 400;\">&#8211; il diritto alla rettifica dei dati personali inesatti che riguardano il richiedente e\/o all\u2019integrazione di quelli incompleti;\u00a0<\/span><\/p>\n<p style=\"padding-left: 40px;\"><span style=\"font-weight: 400;\">&#8211; il diritto alla cancellazione dei dati personali del richiedente;\u00a0<\/span><\/p>\n<p style=\"padding-left: 40px;\"><span style=\"font-weight: 400;\">&#8211; il diritto alla limitazione del trattamento dei dati personali del richiedente;\u00a0<\/span><\/p>\n<p style=\"padding-left: 40px;\"><span style=\"font-weight: 400;\">&#8211; il diritto di opporsi al trattamento dei dati personali del richiedente (a tale riguardo, \u00e8 sempre assicurato il diritto di opporsi al trattamento indicato alla finalit\u00e0 <\/span><b>F.<\/b><span style=\"font-weight: 400;\">);<\/span><\/p>\n<p style=\"padding-left: 40px;\"><span style=\"font-weight: 400;\">&#8211; il diritto alla portabilit\u00e0 dei dati personali del richiedente.<\/span><\/p>\n<p><span style=\"font-weight: 400;\">In ogni caso, ciascun Interessato ha anche il diritto di presentare un formale Reclamo all\u2019Autorit\u00e0 garante per la protezione dei dati personali, secondo le modalit\u00e0 reperibili sul sito web istituzionale di tale Autorit\u00e0: https:\/\/www.garanteprivacy.it.<\/span><\/p>\n<p><b>9) AGGIORNAMENTI ALLA PRESENTE INFORMATIVA<\/b><\/p>\n<p><span style=\"font-weight: 400;\">Si segnala che la presente informativa pu\u00f2 essere oggetto di revisione periodica, anche in relazione all\u2019evoluzione della normativa, della casistica e delle linee guida di riferimento. Si invita pertanto l\u2019utente a consultare periodicamente questa pagina web.\u00a0<\/span><\/p>\n<p><span style=\"font-weight: 400;\">Ultimo aggiornamento: 26<\/span><span style=\"font-weight: 400;\">\/04\/2023<\/span><\/p>\n","protected":false},"excerpt":{"rendered":"<p>INFORMATIVA PRIVACY job4good.it\/formazione Gentile visitatore,\u00a0 Job4good tratta i dati personali nel rispetto del Regolamento (UE) 2016\/679, di seguito \u201cGDPR\u201d. La presente informativa (resa ai sensi dell\u2019artt. 13 del GDPR), \u00e8 riferita esclusivamente ai trattamenti connessi alla promozione di attivit\u00e0 formative (erogate da terzi) tramite la piattaforma job4good.it\/formazione, compresa la creazione di un account (funzionalit\u00e0 riservata&#8230;<\/p>\n","protected":false},"author":6191,"featured_media":0,"parent":0,"menu_order":0,"comment_status":"closed","ping_status":"closed","template":"","meta":{"footnotes":""},"class_list":["post-1762","page","type-page","status-publish","hentry"],"yoast_head":"<!-- This site is optimized with the Yoast SEO plugin v27.2 - https:\/\/yoast.com\/product\/yoast-seo-wordpress\/ -->\n<title>Privacy Policy | Formazione Job4good<\/title>\n<meta name=\"robots\" content=\"noindex, nofollow\" \/>\n<meta property=\"og:locale\" content=\"it_IT\" \/>\n<meta property=\"og:type\" content=\"article\" \/>\n<meta property=\"og:title\" content=\"Privacy Policy | Formazione Job4good\" \/>\n<meta property=\"og:description\" content=\"INFORMATIVA PRIVACY job4good.it\/formazione Gentile visitatore,\u00a0 Job4good tratta i dati personali nel rispetto del Regolamento (UE) 2016\/679, di seguito \u201cGDPR\u201d. La presente informativa (resa ai sensi dell\u2019artt. 13 del GDPR), \u00e8 riferita esclusivamente ai trattamenti connessi alla promozione di attivit\u00e0 formative (erogate da terzi) tramite la piattaforma job4good.it\/formazione, compresa la creazione di un account (funzionalit\u00e0 riservata...\" \/>\n<meta property=\"og:url\" content=\"https:\/\/www.job4good.it\/formazione\/privacy-policy\/\" \/>\n<meta property=\"og:site_name\" content=\"Formazione Job4good\" \/>\n<meta property=\"article:publisher\" content=\"https:\/\/www.facebook.com\/Job4good\" \/>\n<meta property=\"article:modified_time\" content=\"2024-01-15T17:05:47+00:00\" \/>\n<meta property=\"og:image\" content=\"https:\/\/www.job4good.it\/formazione\/wp-content\/uploads\/2021\/05\/HOME-facebook.jpg\" \/>\n\t<meta property=\"og:image:width\" content=\"1200\" \/>\n\t<meta property=\"og:image:height\" content=\"630\" \/>\n\t<meta property=\"og:image:type\" content=\"image\/jpeg\" \/>\n<meta name=\"twitter:card\" content=\"summary_large_image\" \/>\n<meta name=\"twitter:site\" content=\"@job4good\" \/>\n<meta name=\"twitter:label1\" content=\"Tempo di lettura stimato\" \/>\n\t<meta name=\"twitter:data1\" content=\"7 minuti\" \/>\n<script type=\"application\/ld+json\" class=\"yoast-schema-graph\">{\"@context\":\"https:\/\/schema.org\",\"@graph\":[{\"@type\":\"WebPage\",\"@id\":\"https:\/\/www.job4good.it\/formazione\/privacy-policy\/\",\"url\":\"https:\/\/www.job4good.it\/formazione\/privacy-policy\/\",\"name\":\"Privacy Policy | Formazione Job4good\",\"isPartOf\":{\"@id\":\"https:\/\/www.job4good.it\/formazione\/#website\"},\"datePublished\":\"2015-12-31T23:01:50+00:00\",\"dateModified\":\"2024-01-15T17:05:47+00:00\",\"breadcrumb\":{\"@id\":\"https:\/\/www.job4good.it\/formazione\/privacy-policy\/#breadcrumb\"},\"inLanguage\":\"it-IT\",\"potentialAction\":[{\"@type\":\"ReadAction\",\"target\":[\"https:\/\/www.job4good.it\/formazione\/privacy-policy\/\"]}]},{\"@type\":\"BreadcrumbList\",\"@id\":\"https:\/\/www.job4good.it\/formazione\/privacy-policy\/#breadcrumb\",\"itemListElement\":[{\"@type\":\"ListItem\",\"position\":1,\"name\":\"Home\",\"item\":\"https:\/\/www.job4good.it\/formazione\/\"},{\"@type\":\"ListItem\",\"position\":2,\"name\":\"Privacy Policy\"}]},{\"@type\":\"WebSite\",\"@id\":\"https:\/\/www.job4good.it\/formazione\/#website\",\"url\":\"https:\/\/www.job4good.it\/formazione\/\",\"name\":\"Formazione Job4good\",\"description\":\"Scopri la formazione nel Terzo settore\",\"publisher\":{\"@id\":\"https:\/\/www.job4good.it\/formazione\/#organization\"},\"potentialAction\":[{\"@type\":\"SearchAction\",\"target\":{\"@type\":\"EntryPoint\",\"urlTemplate\":\"https:\/\/www.job4good.it\/formazione\/?s={search_term_string}\"},\"query-input\":{\"@type\":\"PropertyValueSpecification\",\"valueRequired\":true,\"valueName\":\"search_term_string\"}}],\"inLanguage\":\"it-IT\"},{\"@type\":\"Organization\",\"@id\":\"https:\/\/www.job4good.it\/formazione\/#organization\",\"name\":\"Job4good\",\"url\":\"https:\/\/www.job4good.it\/formazione\/\",\"logo\":{\"@type\":\"ImageObject\",\"inLanguage\":\"it-IT\",\"@id\":\"https:\/\/www.job4good.it\/formazione\/#\/schema\/logo\/image\/\",\"url\":\"\",\"contentUrl\":\"\",\"caption\":\"Job4good\"},\"image\":{\"@id\":\"https:\/\/www.job4good.it\/formazione\/#\/schema\/logo\/image\/\"},\"sameAs\":[\"https:\/\/www.facebook.com\/Job4good\",\"https:\/\/x.com\/job4good\",\"https:\/\/www.instagram.com\/job4good\/\",\"https:\/\/www.linkedin.com\/company\/job4good\/\",\"https:\/\/www.youtube.com\/channel\/UCfe_bzcYJ9gj1gq0XKmDfbA\"]}]}<\/script>\n<!-- \/ Yoast SEO plugin. -->","yoast_head_json":{"title":"Privacy Policy | Formazione Job4good","robots":{"index":"noindex","follow":"nofollow"},"og_locale":"it_IT","og_type":"article","og_title":"Privacy Policy | Formazione Job4good","og_description":"INFORMATIVA PRIVACY job4good.it\/formazione Gentile visitatore,\u00a0 Job4good tratta i dati personali nel rispetto del Regolamento (UE) 2016\/679, di seguito \u201cGDPR\u201d. La presente informativa (resa ai sensi dell\u2019artt. 13 del GDPR), \u00e8 riferita esclusivamente ai trattamenti connessi alla promozione di attivit\u00e0 formative (erogate da terzi) tramite la piattaforma job4good.it\/formazione, compresa la creazione di un account (funzionalit\u00e0 riservata...","og_url":"https:\/\/www.job4good.it\/formazione\/privacy-policy\/","og_site_name":"Formazione Job4good","article_publisher":"https:\/\/www.facebook.com\/Job4good","article_modified_time":"2024-01-15T17:05:47+00:00","og_image":[{"width":1200,"height":630,"url":"https:\/\/www.job4good.it\/formazione\/wp-content\/uploads\/2021\/05\/HOME-facebook.jpg","type":"image\/jpeg"}],"twitter_card":"summary_large_image","twitter_site":"@job4good","twitter_misc":{"Tempo di lettura stimato":"7 minuti"},"schema":{"@context":"https:\/\/schema.org","@graph":[{"@type":"WebPage","@id":"https:\/\/www.job4good.it\/formazione\/privacy-policy\/","url":"https:\/\/www.job4good.it\/formazione\/privacy-policy\/","name":"Privacy Policy | Formazione Job4good","isPartOf":{"@id":"https:\/\/www.job4good.it\/formazione\/#website"},"datePublished":"2015-12-31T23:01:50+00:00","dateModified":"2024-01-15T17:05:47+00:00","breadcrumb":{"@id":"https:\/\/www.job4good.it\/formazione\/privacy-policy\/#breadcrumb"},"inLanguage":"it-IT","potentialAction":[{"@type":"ReadAction","target":["https:\/\/www.job4good.it\/formazione\/privacy-policy\/"]}]},{"@type":"BreadcrumbList","@id":"https:\/\/www.job4good.it\/formazione\/privacy-policy\/#breadcrumb","itemListElement":[{"@type":"ListItem","position":1,"name":"Home","item":"https:\/\/www.job4good.it\/formazione\/"},{"@type":"ListItem","position":2,"name":"Privacy Policy"}]},{"@type":"WebSite","@id":"https:\/\/www.job4good.it\/formazione\/#website","url":"https:\/\/www.job4good.it\/formazione\/","name":"Formazione Job4good","description":"Scopri la formazione nel Terzo settore","publisher":{"@id":"https:\/\/www.job4good.it\/formazione\/#organization"},"potentialAction":[{"@type":"SearchAction","target":{"@type":"EntryPoint","urlTemplate":"https:\/\/www.job4good.it\/formazione\/?s={search_term_string}"},"query-input":{"@type":"PropertyValueSpecification","valueRequired":true,"valueName":"search_term_string"}}],"inLanguage":"it-IT"},{"@type":"Organization","@id":"https:\/\/www.job4good.it\/formazione\/#organization","name":"Job4good","url":"https:\/\/www.job4good.it\/formazione\/","logo":{"@type":"ImageObject","inLanguage":"it-IT","@id":"https:\/\/www.job4good.it\/formazione\/#\/schema\/logo\/image\/","url":"","contentUrl":"","caption":"Job4good"},"image":{"@id":"https:\/\/www.job4good.it\/formazione\/#\/schema\/logo\/image\/"},"sameAs":["https:\/\/www.facebook.com\/Job4good","https:\/\/x.com\/job4good","https:\/\/www.instagram.com\/job4good\/","https:\/\/www.linkedin.com\/company\/job4good\/","https:\/\/www.youtube.com\/channel\/UCfe_bzcYJ9gj1gq0XKmDfbA"]}]}},"jetpack_sharing_enabled":false,"_links":{"self":[{"href":"https:\/\/www.job4good.it\/formazione\/wp-json\/wp\/v2\/pages\/1762","targetHints":{"allow":["GET"]}}],"collection":[{"href":"https:\/\/www.job4good.it\/formazione\/wp-json\/wp\/v2\/pages"}],"about":[{"href":"https:\/\/www.job4good.it\/formazione\/wp-json\/wp\/v2\/types\/page"}],"author":[{"embeddable":true,"href":"https:\/\/www.job4good.it\/formazione\/wp-json\/wp\/v2\/users\/6191"}],"replies":[{"embeddable":true,"href":"https:\/\/www.job4good.it\/formazione\/wp-json\/wp\/v2\/comments?post=1762"}],"version-history":[{"count":0,"href":"https:\/\/www.job4good.it\/formazione\/wp-json\/wp\/v2\/pages\/1762\/revisions"}],"wp:attachment":[{"href":"https:\/\/www.job4good.it\/formazione\/wp-json\/wp\/v2\/media?parent=1762"}],"curies":[{"name":"wp","href":"https:\/\/api.w.org\/{rel}","templated":true}]}}